{"id":186,"date":"2020-11-03T09:24:18","date_gmt":"2020-11-03T09:24:18","guid":{"rendered":"https:\/\/d-p-immobilienverwaltung.de\/?page_id=186"},"modified":"2026-04-15T09:28:15","modified_gmt":"2026-04-15T07:28:15","slug":"team","status":"publish","type":"page","link":"https:\/\/d-p-immobilienverwaltung.de\/index.php\/team\/","title":{"rendered":"Team"},"content":{"rendered":"\t\t<div data-elementor-type=\"wp-page\" data-elementor-id=\"186\" class=\"elementor elementor-186\">\n\t\t\t\t\t\t<div class=\"elementor-inner\">\n\t\t\t\t<div class=\"elementor-section-wrap\">\n\t\t\t\t\t\t\t\t\t<section class=\"elementor-section elementor-top-section elementor-element elementor-element-3064df5e elementor-section-boxed elementor-section-height-default elementor-section-height-default\" data-id=\"3064df5e\" data-element_type=\"section\">\n\t\t\t\t\t\t<div class=\"elementor-container elementor-column-gap-default\">\n\t\t\t\t\t\t\t<div class=\"elementor-row\">\n\t\t\t\t\t<div class=\"elementor-column elementor-col-100 elementor-top-column elementor-element elementor-element-3468fd8f\" data-id=\"3468fd8f\" data-element_type=\"column\">\n\t\t\t<div class=\"elementor-column-wrap elementor-element-populated\">\n\t\t\t\t\t\t\t<div class=\"elementor-widget-wrap\">\n\t\t\t\t\t\t<div class=\"elementor-element elementor-element-40fe2110 elementor-widget elementor-widget-text-editor\" data-id=\"40fe2110\" data-element_type=\"widget\" data-widget_type=\"text-editor.default\">\n\t\t\t\t<div class=\"elementor-widget-container\">\n\t\t\t\t\t\t\t\t<div class=\"elementor-text-editor elementor-clearfix\">\n\t\t\t\t<p><!-- wp:heading --><\/p>\n<h2 style=\"text-align: center;\">D &amp; P Immobilienverwaltung &#8211; Ihr zuverl\u00e4ssiger Partner am Niederrhein<\/h2>\n<p><!-- \/wp:heading --><\/p>\t\t\t\t\t<\/div>\n\t\t\t\t\t\t<\/div>\n\t\t\t\t<\/div>\n\t\t\t\t<div class=\"elementor-element elementor-element-0a8f8dc elementor-widget elementor-widget-spacer\" data-id=\"0a8f8dc\" data-element_type=\"widget\" data-widget_type=\"spacer.default\">\n\t\t\t\t<div class=\"elementor-widget-container\">\n\t\t\t\t\t<div class=\"elementor-spacer\">\n\t\t\t<div class=\"elementor-spacer-inner\"><\/div>\n\t\t<\/div>\n\t\t\t\t<\/div>\n\t\t\t\t<\/div>\n\t\t\t\t\t\t<\/div>\n\t\t\t\t\t<\/div>\n\t\t<\/div>\n\t\t\t\t\t\t\t\t<\/div>\n\t\t\t\t\t<\/div>\n\t\t<\/section>\n\t\t\t\t<section class=\"elementor-section elementor-top-section elementor-element elementor-element-bb57515 elementor-section-boxed elementor-section-height-default elementor-section-height-default\" data-id=\"bb57515\" data-element_type=\"section\">\n\t\t\t\t\t\t<div class=\"elementor-container elementor-column-gap-default\">\n\t\t\t\t\t\t\t<div class=\"elementor-row\">\n\t\t\t\t\t<div class=\"elementor-column elementor-col-50 elementor-top-column elementor-element elementor-element-0f42b50\" data-id=\"0f42b50\" data-element_type=\"column\">\n\t\t\t<div class=\"elementor-column-wrap elementor-element-populated\">\n\t\t\t\t\t\t\t<div class=\"elementor-widget-wrap\">\n\t\t\t\t\t\t<div class=\"elementor-element elementor-element-4b88b85 elementor-widget elementor-widget-image\" data-id=\"4b88b85\" data-element_type=\"widget\" data-widget_type=\"image.default\">\n\t\t\t\t<div class=\"elementor-widget-container\">\n\t\t\t\t\t\t\t\t<div class=\"elementor-image\">\n\t\t\t\t\t\t\t\t\t\t\t\t<img width=\"300\" height=\"300\" src=\"https:\/\/d-p-immobilienverwaltung.de\/wp-content\/uploads\/2021\/05\/Christoph_4c-300x300.png\" class=\"attachment-medium size-medium\" alt=\"\" loading=\"lazy\" srcset=\"https:\/\/d-p-immobilienverwaltung.de\/wp-content\/uploads\/2021\/05\/Christoph_4c-300x300.png 300w, https:\/\/d-p-immobilienverwaltung.de\/wp-content\/uploads\/2021\/05\/Christoph_4c-150x150.png 150w, https:\/\/d-p-immobilienverwaltung.de\/wp-content\/uploads\/2021\/05\/Christoph_4c.png 312w\" sizes=\"(max-width: 300px) 100vw, 300px\" \/>\t\t\t\t\t\t\t\t\t\t\t\t\t\t<\/div>\n\t\t\t\t\t\t<\/div>\n\t\t\t\t<\/div>\n\t\t\t\t\t\t<\/div>\n\t\t\t\t\t<\/div>\n\t\t<\/div>\n\t\t\t\t<div class=\"elementor-column elementor-col-50 elementor-top-column elementor-element elementor-element-4cf9a2e\" data-id=\"4cf9a2e\" data-element_type=\"column\">\n\t\t\t<div class=\"elementor-column-wrap elementor-element-populated\">\n\t\t\t\t\t\t\t<div class=\"elementor-widget-wrap\">\n\t\t\t\t\t\t<div class=\"elementor-element elementor-element-1eea2c2 elementor-widget elementor-widget-heading\" data-id=\"1eea2c2\" data-element_type=\"widget\" data-widget_type=\"heading.default\">\n\t\t\t\t<div class=\"elementor-widget-container\">\n\t\t\t<h2 class=\"elementor-heading-title elementor-size-default\">Christoph Peters <\/h2>\t\t<\/div>\n\t\t\t\t<\/div>\n\t\t\t\t<div class=\"elementor-element elementor-element-c6d9d97 elementor-widget elementor-widget-text-editor\" data-id=\"c6d9d97\" data-element_type=\"widget\" data-widget_type=\"text-editor.default\">\n\t\t\t\t<div class=\"elementor-widget-container\">\n\t\t\t\t\t\t\t\t<div class=\"elementor-text-editor elementor-clearfix\">\n\t\t\t\t<p>Jahrgang 1970 &#8211; verheiratet &#8211; 1 erwachsenes Kind<\/p>\n<p>Nach seinem Studium der Drucktechnik und einigen Lehrjahren in anderen Firmen begann er im Jahr 1998 seine Arbeit in der Firma Toni Peters Druck, die von seinem Vater gegr\u00fcndet wurde. Bis heute leitet er dieses Unternehmen, hatte jedoch schon immer Interesse an der Verwaltung von Immobilien. <br \/>Als inzwischen IHK-gepr\u00fcfter Immobilienverwalter gr\u00fcndete er im Oktober 2020 die Firma D &amp; P Immobilienverwaltung. Mit seinem erfahrenen Mitarbeiterstamm und der tatkr\u00e4ftigen Unterst\u00fctzung durch Gerhard Doench f\u00fchrt er die erfolgreiche Zusammenarbeit mit den Gesch\u00e4ftspartnern der\u00a0 Gerhard Doench Hausverwaltungen fort und baut das Unternehmen weiter aus.<\/p>\t\t\t\t\t<\/div>\n\t\t\t\t\t\t<\/div>\n\t\t\t\t<\/div>\n\t\t\t\t\t\t<\/div>\n\t\t\t\t\t<\/div>\n\t\t<\/div>\n\t\t\t\t\t\t\t\t<\/div>\n\t\t\t\t\t<\/div>\n\t\t<\/section>\n\t\t\t\t<section class=\"elementor-section elementor-top-section elementor-element elementor-element-38d7e0f elementor-section-boxed elementor-section-height-default elementor-section-height-default\" data-id=\"38d7e0f\" data-element_type=\"section\">\n\t\t\t\t\t\t<div class=\"elementor-container elementor-column-gap-default\">\n\t\t\t\t\t\t\t<div class=\"elementor-row\">\n\t\t\t\t\t<div class=\"elementor-column elementor-col-50 elementor-top-column elementor-element elementor-element-714b0bd\" data-id=\"714b0bd\" data-element_type=\"column\">\n\t\t\t<div class=\"elementor-column-wrap elementor-element-populated\">\n\t\t\t\t\t\t\t<div class=\"elementor-widget-wrap\">\n\t\t\t\t\t\t<div class=\"elementor-element elementor-element-55907c4 elementor-widget elementor-widget-image\" data-id=\"55907c4\" data-element_type=\"widget\" data-widget_type=\"image.default\">\n\t\t\t\t<div class=\"elementor-widget-container\">\n\t\t\t\t\t\t\t\t<div class=\"elementor-image\">\n\t\t\t\t\t\t\t\t\t\t\t\t<img width=\"300\" height=\"300\" src=\"https:\/\/d-p-immobilienverwaltung.de\/wp-content\/uploads\/2021\/05\/Gerd_4c-300x300.png\" class=\"attachment-medium size-medium\" alt=\"\" loading=\"lazy\" srcset=\"https:\/\/d-p-immobilienverwaltung.de\/wp-content\/uploads\/2021\/05\/Gerd_4c-300x300.png 300w, https:\/\/d-p-immobilienverwaltung.de\/wp-content\/uploads\/2021\/05\/Gerd_4c-150x150.png 150w, https:\/\/d-p-immobilienverwaltung.de\/wp-content\/uploads\/2021\/05\/Gerd_4c.png 312w\" sizes=\"(max-width: 300px) 100vw, 300px\" \/>\t\t\t\t\t\t\t\t\t\t\t\t\t\t<\/div>\n\t\t\t\t\t\t<\/div>\n\t\t\t\t<\/div>\n\t\t\t\t\t\t<\/div>\n\t\t\t\t\t<\/div>\n\t\t<\/div>\n\t\t\t\t<div class=\"elementor-column elementor-col-50 elementor-top-column elementor-element elementor-element-f46b1a7\" data-id=\"f46b1a7\" data-element_type=\"column\">\n\t\t\t<div class=\"elementor-column-wrap elementor-element-populated\">\n\t\t\t\t\t\t\t<div class=\"elementor-widget-wrap\">\n\t\t\t\t\t\t<div class=\"elementor-element elementor-element-f285da8 elementor-widget elementor-widget-heading\" data-id=\"f285da8\" data-element_type=\"widget\" data-widget_type=\"heading.default\">\n\t\t\t\t<div class=\"elementor-widget-container\">\n\t\t\t<h2 class=\"elementor-heading-title elementor-size-default\"><span style=\"font-family: &quot;Kite One&quot;; font-size: 20px; font-style: normal; font-variant-ligatures: normal; font-variant-caps: normal; font-weight: 600;\">Gerhard Doench<\/span><\/h2>\t\t<\/div>\n\t\t\t\t<\/div>\n\t\t\t\t<div class=\"elementor-element elementor-element-fcbb436 elementor-widget elementor-widget-text-editor\" data-id=\"fcbb436\" data-element_type=\"widget\" data-widget_type=\"text-editor.default\">\n\t\t\t\t<div class=\"elementor-widget-container\">\n\t\t\t\t\t\t\t\t<div class=\"elementor-text-editor elementor-clearfix\">\n\t\t\t\t<p>Jahrgang 1956 &#8211; verheiratet &#8211; 2 erwachsene Kinder &#8211; Hausverwalter seit 1982<\/p>\n<p>1982 gr\u00fcndeten Franz-Josef Gaspers als alt eingesessener Hausverwalter und Gerhard Doench die Hausverwaltung Gaspers und Doench. 1992 ging der Seniorpartner Franz-Josef Gaspers in den wohlverdienten Ruhestand. Ab 1992 f\u00fchrte Gerhard Doench als Gesch\u00e4ftsf\u00fchrer die Gerhard Doench Hausverwaltungen.\u00a0 Ab 2022 m\u00f6chte er langsam etwas k\u00fcrzertreten und seine Kunden nach und nach an die D &amp; P Immobilienverwaltung \u00fcbergeben. Herr Doench wird der D &amp; P Immobilienverwaltung noch einige Jahre als Mitarbeiter mit seinem hohen Fachwissen zur Verf\u00fcgung stehen.<\/p>\t\t\t\t\t<\/div>\n\t\t\t\t\t\t<\/div>\n\t\t\t\t<\/div>\n\t\t\t\t\t\t<\/div>\n\t\t\t\t\t<\/div>\n\t\t<\/div>\n\t\t\t\t\t\t\t\t<\/div>\n\t\t\t\t\t<\/div>\n\t\t<\/section>\n\t\t\t\t<section class=\"elementor-section elementor-top-section elementor-element elementor-element-15ceafa elementor-section-boxed elementor-section-height-default elementor-section-height-default\" data-id=\"15ceafa\" data-element_type=\"section\">\n\t\t\t\t\t\t<div class=\"elementor-container elementor-column-gap-default\">\n\t\t\t\t\t\t\t<div class=\"elementor-row\">\n\t\t\t\t\t<div class=\"elementor-column elementor-col-33 elementor-top-column elementor-element elementor-element-6c04d73\" data-id=\"6c04d73\" data-element_type=\"column\">\n\t\t\t<div class=\"elementor-column-wrap elementor-element-populated\">\n\t\t\t\t\t\t\t<div class=\"elementor-widget-wrap\">\n\t\t\t\t\t\t<div class=\"elementor-element elementor-element-4a20298 elementor-widget elementor-widget-image\" data-id=\"4a20298\" data-element_type=\"widget\" data-widget_type=\"image.default\">\n\t\t\t\t<div class=\"elementor-widget-container\">\n\t\t\t\t\t\t\t\t<div class=\"elementor-image\">\n\t\t\t\t\t\t\t\t\t\t\t\t<img width=\"300\" height=\"300\" src=\"https:\/\/d-p-immobilienverwaltung.de\/wp-content\/uploads\/2025\/02\/Kerstin_4c_2_72dpi-300x300.png\" class=\"attachment-medium size-medium\" alt=\"\" loading=\"lazy\" srcset=\"https:\/\/d-p-immobilienverwaltung.de\/wp-content\/uploads\/2025\/02\/Kerstin_4c_2_72dpi-300x300.png 300w, https:\/\/d-p-immobilienverwaltung.de\/wp-content\/uploads\/2025\/02\/Kerstin_4c_2_72dpi-150x150.png 150w, https:\/\/d-p-immobilienverwaltung.de\/wp-content\/uploads\/2025\/02\/Kerstin_4c_2_72dpi.png 312w\" sizes=\"(max-width: 300px) 100vw, 300px\" \/>\t\t\t\t\t\t\t\t\t\t\t\t\t\t<\/div>\n\t\t\t\t\t\t<\/div>\n\t\t\t\t<\/div>\n\t\t\t\t\t\t<\/div>\n\t\t\t\t\t<\/div>\n\t\t<\/div>\n\t\t\t\t<div class=\"elementor-column elementor-col-66 elementor-top-column elementor-element elementor-element-6a123bc\" data-id=\"6a123bc\" data-element_type=\"column\">\n\t\t\t<div class=\"elementor-column-wrap elementor-element-populated\">\n\t\t\t\t\t\t\t<div class=\"elementor-widget-wrap\">\n\t\t\t\t\t\t<div class=\"elementor-element elementor-element-530e734 elementor-widget elementor-widget-heading\" data-id=\"530e734\" data-element_type=\"widget\" data-widget_type=\"heading.default\">\n\t\t\t\t<div class=\"elementor-widget-container\">\n\t\t\t<h2 class=\"elementor-heading-title elementor-size-default\">Kerstin Verh\u00f6lsdonk<\/h2>\t\t<\/div>\n\t\t\t\t<\/div>\n\t\t\t\t<div class=\"elementor-element elementor-element-ddf727e elementor-widget elementor-widget-text-editor\" data-id=\"ddf727e\" data-element_type=\"widget\" data-widget_type=\"text-editor.default\">\n\t\t\t\t<div class=\"elementor-widget-container\">\n\t\t\t\t\t\t\t\t<div class=\"elementor-text-editor elementor-clearfix\">\n\t\t\t\t<p><span style=\"font-size: 14px;\">Jahrgang 1975, verheiratet, 1 erwachsenes Kind<\/span><\/p>\n<p><span style=\"font-size: 14px;\">Seit Ende 2024 verst\u00e4rkt sie das Team der D&amp;P Immobilienverwaltung und \u00fcbernimmt seitdem viele Aufgaben in unserem Team.\u00a0<\/span><span style=\"font-size: 14px;\">Sie bringt eine kaufm\u00e4nnische Ausbildung und Erfahrung in der Immobilienverwaltung mit.\u00a0<\/span><span style=\"font-size: 14px;\">Sie ist die erste Ansprechpartnerin f\u00fcr alle Ihre Fragen und Anliegen.\u00a0<\/span><span style=\"font-size: 14px;\">Frau Verh\u00f6lsdonk ist es wichtig, im Dialog mit allen Eigent\u00fcmern und Mietern zu stehen und ein vertrauensvolles Verh\u00e4ltnis zu ihnen zu pflegen.\u00a0<\/span><span style=\"font-size: 14px;\">Zu ihren Aufgaben geh\u00f6ren unter anderem die Korrespondenz, das Einholen von Angeboten und Kostenvoranschl\u00e4gen, das Vergeben von Handwerkerauftr\u00e4gen, die Fertigung von Mietvertr\u00e4gen und -bescheinigungen, die Abwicklung von Versicherungssch\u00e4den sowie die Buchhaltung.<\/span><\/p>\n<div>\u00a0<\/div>\t\t\t\t\t<\/div>\n\t\t\t\t\t\t<\/div>\n\t\t\t\t<\/div>\n\t\t\t\t\t\t<\/div>\n\t\t\t\t\t<\/div>\n\t\t<\/div>\n\t\t\t\t\t\t\t\t<\/div>\n\t\t\t\t\t<\/div>\n\t\t<\/section>\n\t\t\t\t<section class=\"elementor-section elementor-top-section elementor-element elementor-element-ea72380 elementor-section-boxed elementor-section-height-default elementor-section-height-default\" data-id=\"ea72380\" data-element_type=\"section\">\n\t\t\t\t\t\t<div class=\"elementor-container elementor-column-gap-default\">\n\t\t\t\t\t\t\t<div class=\"elementor-row\">\n\t\t\t\t\t<div class=\"elementor-column elementor-col-100 elementor-top-column elementor-element elementor-element-28fc946\" data-id=\"28fc946\" data-element_type=\"column\">\n\t\t\t<div class=\"elementor-column-wrap elementor-element-populated\">\n\t\t\t\t\t\t\t<div class=\"elementor-widget-wrap\">\n\t\t\t\t\t\t<section class=\"elementor-section elementor-inner-section elementor-element elementor-element-b2c2f6e elementor-section-boxed elementor-section-height-default elementor-section-height-default\" data-id=\"b2c2f6e\" data-element_type=\"section\">\n\t\t\t\t\t\t<div class=\"elementor-container elementor-column-gap-default\">\n\t\t\t\t\t\t\t<div class=\"elementor-row\">\n\t\t\t\t\t<div class=\"elementor-column elementor-col-50 elementor-inner-column elementor-element elementor-element-cd8f92a\" data-id=\"cd8f92a\" data-element_type=\"column\">\n\t\t\t<div class=\"elementor-column-wrap elementor-element-populated\">\n\t\t\t\t\t\t\t<div class=\"elementor-widget-wrap\">\n\t\t\t\t\t\t<div class=\"elementor-element elementor-element-d3df8f1 elementor-widget elementor-widget-image\" data-id=\"d3df8f1\" data-element_type=\"widget\" data-widget_type=\"image.default\">\n\t\t\t\t<div class=\"elementor-widget-container\">\n\t\t\t\t\t\t\t\t<div class=\"elementor-image\">\n\t\t\t\t\t\t\t\t\t\t\t\t<img width=\"300\" height=\"300\" src=\"https:\/\/d-p-immobilienverwaltung.de\/wp-content\/uploads\/2021\/05\/Regina_4c-300x300.png\" class=\"attachment-medium size-medium\" alt=\"\" loading=\"lazy\" srcset=\"https:\/\/d-p-immobilienverwaltung.de\/wp-content\/uploads\/2021\/05\/Regina_4c-300x300.png 300w, https:\/\/d-p-immobilienverwaltung.de\/wp-content\/uploads\/2021\/05\/Regina_4c-150x150.png 150w, https:\/\/d-p-immobilienverwaltung.de\/wp-content\/uploads\/2021\/05\/Regina_4c.png 312w\" sizes=\"(max-width: 300px) 100vw, 300px\" \/>\t\t\t\t\t\t\t\t\t\t\t\t\t\t<\/div>\n\t\t\t\t\t\t<\/div>\n\t\t\t\t<\/div>\n\t\t\t\t\t\t<\/div>\n\t\t\t\t\t<\/div>\n\t\t<\/div>\n\t\t\t\t<div class=\"elementor-column elementor-col-50 elementor-inner-column elementor-element elementor-element-909119d\" data-id=\"909119d\" data-element_type=\"column\">\n\t\t\t<div class=\"elementor-column-wrap elementor-element-populated\">\n\t\t\t\t\t\t\t<div class=\"elementor-widget-wrap\">\n\t\t\t\t\t\t<div class=\"elementor-element elementor-element-495ffa1 elementor-widget elementor-widget-heading\" data-id=\"495ffa1\" data-element_type=\"widget\" data-widget_type=\"heading.default\">\n\t\t\t\t<div class=\"elementor-widget-container\">\n\t\t\t<h2 class=\"elementor-heading-title elementor-size-default\">Regina Ziaja<\/h2>\t\t<\/div>\n\t\t\t\t<\/div>\n\t\t\t\t<div class=\"elementor-element elementor-element-5101276 elementor-widget elementor-widget-text-editor\" data-id=\"5101276\" data-element_type=\"widget\" data-widget_type=\"text-editor.default\">\n\t\t\t\t<div class=\"elementor-widget-container\">\n\t\t\t\t\t\t\t\t<div class=\"elementor-text-editor elementor-clearfix\">\n\t\t\t\t<p>Jahrgang 1963\u00a0 &#8211; seit Oktober 2020 bei der D &amp; P Immobilienverwaltung<\/p>\n<p>Als Quereinsteigerin im Immobilienwesen und mit mehr als 35 Jahren Berufserfahrung in der Buchhaltung ist sie zust\u00e4ndig f\u00fcr alle Buchungen und p\u00fcnktliche Zahlungen. Sie arbeitet gerne im Team und unterst\u00fctzt bei allen Aufgaben rund um\u2019s B\u00fcro. Von Vorteil sind dabei ihr abgeschlossener IHK-Zertifikatslehrgang als Immobilienverwalterin und ihre guten Office-Kenntnisse.<\/p>\t\t\t\t\t<\/div>\n\t\t\t\t\t\t<\/div>\n\t\t\t\t<\/div>\n\t\t\t\t\t\t<\/div>\n\t\t\t\t\t<\/div>\n\t\t<\/div>\n\t\t\t\t\t\t\t\t<\/div>\n\t\t\t\t\t<\/div>\n\t\t<\/section>\n\t\t\t\t\t\t<\/div>\n\t\t\t\t\t<\/div>\n\t\t<\/div>\n\t\t\t\t\t\t\t\t<\/div>\n\t\t\t\t\t<\/div>\n\t\t<\/section>\n\t\t\t\t<section class=\"elementor-section elementor-top-section elementor-element elementor-element-93f7053 elementor-section-boxed elementor-section-height-default elementor-section-height-default\" data-id=\"93f7053\" data-element_type=\"section\">\n\t\t\t\t\t\t<div class=\"elementor-container elementor-column-gap-default\">\n\t\t\t\t\t\t\t<div class=\"elementor-row\">\n\t\t\t\t\t<div class=\"elementor-column elementor-col-100 elementor-top-column elementor-element elementor-element-ac4de65\" data-id=\"ac4de65\" data-element_type=\"column\">\n\t\t\t<div class=\"elementor-column-wrap\">\n\t\t\t\t\t\t\t<div class=\"elementor-widget-wrap\">\n\t\t\t\t\t\t\t\t<\/div>\n\t\t\t\t\t<\/div>\n\t\t<\/div>\n\t\t\t\t\t\t\t\t<\/div>\n\t\t\t\t\t<\/div>\n\t\t<\/section>\n\t\t\t\t\t\t\t\t\t<\/div>\n\t\t\t<\/div>\n\t\t\t\t\t<\/div>\n\t\t","protected":false},"excerpt":{"rendered":"<p>D &amp; P Immobilienverwaltung &#8211; Ihr zuverl\u00e4ssiger Partner am Niederrhein Christoph Peters Jahrgang 1970 &#8211; verheiratet &#8211; 1 erwachsenes Kind Nach seinem Studium der Drucktechnik und einigen Lehrjahren in anderen Firmen begann er im Jahr 1998 seine Arbeit in der Firma Toni Peters Druck, die von seinem Vater gegr\u00fcndet wurde. Bis heute leitet er dieses [&hellip;]<\/p>\n","protected":false},"author":1,"featured_media":0,"parent":0,"menu_order":0,"comment_status":"closed","ping_status":"closed","template":"","meta":[],"_links":{"self":[{"href":"https:\/\/d-p-immobilienverwaltung.de\/index.php\/wp-json\/wp\/v2\/pages\/186"}],"collection":[{"href":"https:\/\/d-p-immobilienverwaltung.de\/index.php\/wp-json\/wp\/v2\/pages"}],"about":[{"href":"https:\/\/d-p-immobilienverwaltung.de\/index.php\/wp-json\/wp\/v2\/types\/page"}],"author":[{"embeddable":true,"href":"https:\/\/d-p-immobilienverwaltung.de\/index.php\/wp-json\/wp\/v2\/users\/1"}],"replies":[{"embeddable":true,"href":"https:\/\/d-p-immobilienverwaltung.de\/index.php\/wp-json\/wp\/v2\/comments?post=186"}],"version-history":[{"count":144,"href":"https:\/\/d-p-immobilienverwaltung.de\/index.php\/wp-json\/wp\/v2\/pages\/186\/revisions"}],"predecessor-version":[{"id":696,"href":"https:\/\/d-p-immobilienverwaltung.de\/index.php\/wp-json\/wp\/v2\/pages\/186\/revisions\/696"}],"wp:attachment":[{"href":"https:\/\/d-p-immobilienverwaltung.de\/index.php\/wp-json\/wp\/v2\/media?parent=186"}],"curies":[{"name":"wp","href":"https:\/\/api.w.org\/{rel}","templated":true}]}}